{"id":27,"date":"2024-05-16T15:37:32","date_gmt":"2024-05-16T13:37:32","guid":{"rendered":"https:\/\/museebiblioarbaud.fr\/?page_id=27"},"modified":"2026-08-28T11:50:00","modified_gmt":"2026-08-28T09:50:00","slug":"elementor-page-790","status":"publish","type":"page","link":"https:\/\/museebiblioarbaud.fr\/","title":{"rendered":"Accueil"},"content":{"rendered":"\t\t<div data-elementor-type=\"wp-page\" data-elementor-id=\"27\" class=\"elementor elementor-27\">\n\t\t\t\t<div class=\"elementor-element elementor-element-030feb5 e-con-full e-flex e-con e-parent\" data-id=\"030feb5\" data-element_type=\"container\" data-e-type=\"container\">\n\t\t\t\t<div class=\"elementor-element elementor-element-92c2b80 elementor-widget__width-inherit e-transform e-transform elementor-invisible elementor-widget elementor-widget-image\" data-id=\"92c2b80\" data-element_type=\"widget\" data-e-type=\"widget\" data-settings=\"{&quot;_animation&quot;:&quot;fadeInDown&quot;,&quot;_transform_translateX_effect&quot;:{&quot;unit&quot;:&quot;px&quot;,&quot;size&quot;:0,&quot;sizes&quot;:[]},&quot;_transform_translateX_effect_tablet&quot;:{&quot;unit&quot;:&quot;px&quot;,&quot;size&quot;:&quot;&quot;,&quot;sizes&quot;:[]},&quot;_transform_translateX_effect_mobile&quot;:{&quot;unit&quot;:&quot;px&quot;,&quot;size&quot;:&quot;&quot;,&quot;sizes&quot;:[]},&quot;_transform_translateY_effect&quot;:{&quot;unit&quot;:&quot;px&quot;,&quot;size&quot;:&quot;&quot;,&quot;sizes&quot;:[]},&quot;_transform_translateY_effect_tablet&quot;:{&quot;unit&quot;:&quot;px&quot;,&quot;size&quot;:&quot;&quot;,&quot;sizes&quot;:[]},&quot;_transform_translateY_effect_mobile&quot;:{&quot;unit&quot;:&quot;px&quot;,&quot;size&quot;:&quot;&quot;,&quot;sizes&quot;:[]},&quot;_transform_scale_effect&quot;:{&quot;unit&quot;:&quot;px&quot;,&quot;size&quot;:&quot;&quot;,&quot;sizes&quot;:[]},&quot;_transform_scale_effect_tablet&quot;:{&quot;unit&quot;:&quot;px&quot;,&quot;size&quot;:&quot;&quot;,&quot;sizes&quot;:[]},&quot;_transform_scale_effect_mobile&quot;:{&quot;unit&quot;:&quot;px&quot;,&quot;size&quot;:&quot;&quot;,&quot;sizes&quot;:[]}}\" data-widget_type=\"image.default\">\n\t\t\t\t<div class=\"elementor-widget-container\">\n\t\t\t\t\t\t\t\t\t\t\t\t\t\t\t<img fetchpriority=\"high\" decoding=\"async\" width=\"1420\" height=\"627\" src=\"https:\/\/museebiblioarbaud.fr\/wp-content\/uploads\/Banniere-Mirabeau.jpg\" class=\"attachment-full size-full wp-image-2490\" alt=\"\" srcset=\"https:\/\/museebiblioarbaud.fr\/wp-content\/uploads\/Banniere-Mirabeau.jpg 1420w, https:\/\/museebiblioarbaud.fr\/wp-content\/uploads\/Banniere-Mirabeau-300x132.jpg 300w, https:\/\/museebiblioarbaud.fr\/wp-content\/uploads\/Banniere-Mirabeau-1024x452.jpg 1024w, https:\/\/museebiblioarbaud.fr\/wp-content\/uploads\/Banniere-Mirabeau-768x339.jpg 768w, https:\/\/museebiblioarbaud.fr\/wp-content\/uploads\/Banniere-Mirabeau-1320x583.jpg 1320w, https:\/\/museebiblioarbaud.fr\/wp-content\/uploads\/Banniere-Mirabeau-600x265.jpg 600w\" sizes=\"(max-width: 1420px) 100vw, 1420px\" \/>\t\t\t\t\t\t\t\t\t\t\t\t\t\t\t<\/div>\n\t\t\t\t<\/div>\n\t\t\t\t<\/div>\n\t\t<div class=\"elementor-element elementor-element-9883429 e-flex e-con-boxed e-con e-parent\" data-id=\"9883429\" data-element_type=\"container\" data-e-type=\"container\">\n\t\t\t\t\t<div class=\"e-con-inner\">\n\t\t\t\t<div class=\"elementor-element elementor-element-033dec6 elementor-widget elementor-widget-spacer\" data-id=\"033dec6\" data-element_type=\"widget\" data-e-type=\"widget\" data-widget_type=\"spacer.default\">\n\t\t\t\t<div class=\"elementor-widget-container\">\n\t\t\t\t\t\t\t<div class=\"elementor-spacer\">\n\t\t\t<div class=\"elementor-spacer-inner\"><\/div>\n\t\t<\/div>\n\t\t\t\t\t\t<\/div>\n\t\t\t\t<\/div>\n\t\t\t\t\t<\/div>\n\t\t\t\t<\/div>\n\t\t<div class=\"elementor-element elementor-element-2b296a9 e-flex e-con-boxed e-con e-parent\" data-id=\"2b296a9\" data-element_type=\"container\" data-e-type=\"container\">\n\t\t\t\t\t<div class=\"e-con-inner\">\n\t\t\t\t\t<\/div>\n\t\t\t\t<\/div>\n\t\t<div class=\"elementor-element elementor-element-68d8dc7 e-con-full e-flex e-con e-parent\" data-id=\"68d8dc7\" data-element_type=\"container\" data-e-type=\"container\">\n\t\t\t\t<div class=\"elementor-element elementor-element-b256b78 elementor-widget elementor-widget-spacer\" data-id=\"b256b78\" data-element_type=\"widget\" data-e-type=\"widget\" data-widget_type=\"spacer.default\">\n\t\t\t\t<div class=\"elementor-widget-container\">\n\t\t\t\t\t\t\t<div class=\"elementor-spacer\">\n\t\t\t<div class=\"elementor-spacer-inner\"><\/div>\n\t\t<\/div>\n\t\t\t\t\t\t<\/div>\n\t\t\t\t<\/div>\n\t\t\t\t<\/div>\n\t\t<div class=\"elementor-element elementor-element-473a7f3 e-flex e-con-boxed e-con e-parent\" data-id=\"473a7f3\" data-element_type=\"container\" data-e-type=\"container\">\n\t\t\t\t\t<div class=\"e-con-inner\">\n\t\t\t\t<div class=\"elementor-element elementor-element-b9266cf elementor-widget elementor-widget-image\" data-id=\"b9266cf\" data-element_type=\"widget\" data-e-type=\"widget\" data-widget_type=\"image.default\">\n\t\t\t\t<div class=\"elementor-widget-container\">\n\t\t\t\t\t\t\t\t\t\t\t\t\t\t\t<img decoding=\"async\" width=\"721\" height=\"1024\" src=\"https:\/\/museebiblioarbaud.fr\/wp-content\/uploads\/Exposition-MIRABEAU-A-AIX-musee-Arbaud-721x1024.jpg\" class=\"attachment-large size-large wp-image-2467\" alt=\"\" srcset=\"https:\/\/museebiblioarbaud.fr\/wp-content\/uploads\/Exposition-MIRABEAU-A-AIX-musee-Arbaud-721x1024.jpg 721w, https:\/\/museebiblioarbaud.fr\/wp-content\/uploads\/Exposition-MIRABEAU-A-AIX-musee-Arbaud-211x300.jpg 211w, https:\/\/museebiblioarbaud.fr\/wp-content\/uploads\/Exposition-MIRABEAU-A-AIX-musee-Arbaud-768x1090.jpg 768w, https:\/\/museebiblioarbaud.fr\/wp-content\/uploads\/Exposition-MIRABEAU-A-AIX-musee-Arbaud-1082x1536.jpg 1082w, https:\/\/museebiblioarbaud.fr\/wp-content\/uploads\/Exposition-MIRABEAU-A-AIX-musee-Arbaud-600x852.jpg 600w, https:\/\/museebiblioarbaud.fr\/wp-content\/uploads\/Exposition-MIRABEAU-A-AIX-musee-Arbaud.jpg 1165w\" sizes=\"(max-width: 721px) 100vw, 721px\" \/>\t\t\t\t\t\t\t\t\t\t\t\t\t\t\t<\/div>\n\t\t\t\t<\/div>\n\t\t\t\t\t<\/div>\n\t\t\t\t<\/div>\n\t\t<div class=\"elementor-element elementor-element-36231db e-flex e-con-boxed e-con e-parent\" data-id=\"36231db\" data-element_type=\"container\" data-e-type=\"container\">\n\t\t\t\t\t<div class=\"e-con-inner\">\n\t\t<div class=\"elementor-element elementor-element-a2df2dc e-con-full e-flex e-con e-child\" data-id=\"a2df2dc\" data-element_type=\"container\" data-e-type=\"container\">\n\t\t\t\t<div class=\"elementor-element elementor-element-4b7b79a elementor-widget elementor-widget-spacer\" data-id=\"4b7b79a\" data-element_type=\"widget\" data-e-type=\"widget\" data-widget_type=\"spacer.default\">\n\t\t\t\t<div class=\"elementor-widget-container\">\n\t\t\t\t\t\t\t<div class=\"elementor-spacer\">\n\t\t\t<div class=\"elementor-spacer-inner\"><\/div>\n\t\t<\/div>\n\t\t\t\t\t\t<\/div>\n\t\t\t\t<\/div>\n\t\t\t\t<div class=\"elementor-element elementor-element-4f44334 elementor-widget elementor-widget-text-editor\" data-id=\"4f44334\" data-element_type=\"widget\" data-e-type=\"widget\" data-widget_type=\"text-editor.default\">\n\t\t\t\t<div class=\"elementor-widget-container\">\n\t\t\t\t\t\t\t\t\t<p class=\"p1\"><strong>Il y a 150 ans \u00e0 Aix, le nom du Cours fut chang\u00e9 en \u00ab\u00a0cours Mirabeau\u00a0\u00bb, en hommage au grand orateur de la libert\u00e9 et de la R\u00e9volution que fut Mirabeau. Cette exposition pr\u00e9sente un exceptionnel ensemble de documents d\u2019\u00e9poque et d\u2019\u0153uvres \u00e0 sa m\u00e9moire.<\/strong><\/p>\t\t\t\t\t\t\t\t<\/div>\n\t\t\t\t<\/div>\n\t\t\t\t<\/div>\n\t\t<div class=\"elementor-element elementor-element-4b05120 e-con-full e-flex e-con e-child\" data-id=\"4b05120\" data-element_type=\"container\" data-e-type=\"container\">\n\t\t\t\t<div class=\"elementor-element elementor-element-131b8b0 elementor-widget elementor-widget-spacer\" data-id=\"131b8b0\" data-element_type=\"widget\" data-e-type=\"widget\" data-widget_type=\"spacer.default\">\n\t\t\t\t<div class=\"elementor-widget-container\">\n\t\t\t\t\t\t\t<div class=\"elementor-spacer\">\n\t\t\t<div class=\"elementor-spacer-inner\"><\/div>\n\t\t<\/div>\n\t\t\t\t\t\t<\/div>\n\t\t\t\t<\/div>\n\t\t\t\t<div class=\"elementor-element elementor-element-503448c elementor-widget elementor-widget-text-editor\" data-id=\"503448c\" data-element_type=\"widget\" data-e-type=\"widget\" data-widget_type=\"text-editor.default\">\n\t\t\t\t<div class=\"elementor-widget-container\">\n\t\t\t\t\t\t\t\t\t<p class=\"p1\">La vie sentimentale et politique de Mirabeau est \u00e9troitement li\u00e9e \u00e0 la ville d\u2019Aix qui fut le th\u00e9\u00e2tre de son mariage et de sa s\u00e9paration judiciaire. Il y d\u00e9couvrit le pouvoir de son \u00e9loquence qui souleva l\u2019enthousiasme de ses \u00e9lecteurs, puis d\u2019un pays entier. Cet orateur de g\u00e9nie que les Aixois ont port\u00e9 par le tiers \u00e9tat aux \u00c9tats g\u00e9n\u00e9raux, fut \u00ab\u00a0la voix du monde nouveau\u00a0\u00bb, \u00ab\u00a0c\u2019est 89 rayonnant et splendide qui se levait debout et qui interpellait, et qui accusait, et qui d\u00e9non\u00e7ait \u00e0 Dieu et aux hommes toutes les dates fatales de la monarchie\u00a0\u00bb, s\u2019exclamait Victor Hugo.<\/p><p class=\"p1\">Moins d\u2019un si\u00e8cle plus tard, le 3\u00a0novembre 1876, le maire d\u2019Aix arr\u00eata que \u00ab\u00a0le Cours d\u2019Aix partant de la Rotonde jusqu\u2019\u00e0 la place des Carm\u00e9lites sera d\u00e9sormais appel\u00e9\u00a0: Cours Mirabeau\u00a0\u00bb. Pour comm\u00e9morer le cent cinquantenaire de cet \u00e9v\u00e9nement, l\u2019Acad\u00e9mie des sciences, agriculture, arts et belles-lettres d\u2019Aix rappelle que notre ville a contribu\u00e9 \u00e0 l\u2019\u00e9closion du talent de \u00ab\u00a0l\u2019homme de la libert\u00e9\u00a0\u00bb que restera \u00e0 jamais Mirabeau et cr\u00e9e l\u2019exposition <span class=\"s1\"><i>S\u00e9duction et R\u00e9volution, Mirabeau \u00e0 Aix<\/i><\/span> comme un \u00e9cho lointain \u00ab\u00a0des voix ch\u00e8res qui se sont tues\u00a0\u00bb.<\/p><p class=\"p1\">Une occasion unique de d\u00e9couvrir, au sein du mus\u00e9e-biblioth\u00e8que Paul Arbaud, le fonds que l\u2019Acad\u00e9mie poss\u00e8de, compos\u00e9 de nombreux documents d\u2019\u00e9poque, de sculptures et de tableaux de la famille Riqueti et qui constitue le plus riche fonds de France consacr\u00e9 \u00e0 Honor\u00e9 Gabriel Riqueti de Mirabeau.<\/p>\t\t\t\t\t\t\t\t<\/div>\n\t\t\t\t<\/div>\n\t\t\t\t<\/div>\n\t\t\t\t\t<\/div>\n\t\t\t\t<\/div>\n\t\t<div class=\"elementor-element elementor-element-6b0ca9c e-flex e-con-boxed e-con e-parent\" data-id=\"6b0ca9c\" data-element_type=\"container\" data-e-type=\"container\">\n\t\t\t\t\t<div class=\"e-con-inner\">\n\t\t\t\t\t<\/div>\n\t\t\t\t<\/div>\n\t\t<div class=\"elementor-element elementor-element-57ab591 e-con-full e-flex e-con e-parent\" data-id=\"57ab591\" data-element_type=\"container\" data-e-type=\"container\">\n\t\t\t\t<div class=\"elementor-element elementor-element-78dc1e5 elementor-widget-divider--view-line elementor-widget elementor-widget-divider\" data-id=\"78dc1e5\" data-element_type=\"widget\" data-e-type=\"widget\" data-widget_type=\"divider.default\">\n\t\t\t\t<div class=\"elementor-widget-container\">\n\t\t\t\t\t\t\t<div class=\"elementor-divider\">\n\t\t\t<span class=\"elementor-divider-separator\">\n\t\t\t\t\t\t<\/span>\n\t\t<\/div>\n\t\t\t\t\t\t<\/div>\n\t\t\t\t<\/div>\n\t\t\t\t<div class=\"elementor-element elementor-element-3117355 elementor-widget elementor-widget-image\" data-id=\"3117355\" data-element_type=\"widget\" data-e-type=\"widget\" data-widget_type=\"image.default\">\n\t\t\t\t<div class=\"elementor-widget-container\">\n\t\t\t\t\t\t\t\t\t\t\t\t\t\t\t<img decoding=\"async\" width=\"1417\" height=\"964\" src=\"https:\/\/museebiblioarbaud.fr\/wp-content\/uploads\/MuseeArbaud_ph_BGimenez.jpg\" class=\"attachment-full size-full wp-image-997\" alt=\"\" srcset=\"https:\/\/museebiblioarbaud.fr\/wp-content\/uploads\/MuseeArbaud_ph_BGimenez.jpg 1417w, https:\/\/museebiblioarbaud.fr\/wp-content\/uploads\/MuseeArbaud_ph_BGimenez-300x204.jpg 300w, https:\/\/museebiblioarbaud.fr\/wp-content\/uploads\/MuseeArbaud_ph_BGimenez-1024x697.jpg 1024w, https:\/\/museebiblioarbaud.fr\/wp-content\/uploads\/MuseeArbaud_ph_BGimenez-768x522.jpg 768w\" sizes=\"(max-width: 1417px) 100vw, 1417px\" \/>\t\t\t\t\t\t\t\t\t\t\t\t\t\t\t<\/div>\n\t\t\t\t<\/div>\n\t\t\t\t<div class=\"elementor-element elementor-element-9fdba8c elementor-widget elementor-widget-text-editor\" data-id=\"9fdba8c\" data-element_type=\"widget\" data-e-type=\"widget\" data-widget_type=\"text-editor.default\">\n\t\t\t\t<div class=\"elementor-widget-container\">\n\t\t\t\t\t\t\t\t\t<p>Cabinet de travail de Paul Arbaud.<\/p>\t\t\t\t\t\t\t\t<\/div>\n\t\t\t\t<\/div>\n\t\t\t\t<div class=\"elementor-element elementor-element-3ff7c92 elementor-widget elementor-widget-spacer\" data-id=\"3ff7c92\" data-element_type=\"widget\" data-e-type=\"widget\" data-widget_type=\"spacer.default\">\n\t\t\t\t<div class=\"elementor-widget-container\">\n\t\t\t\t\t\t\t<div class=\"elementor-spacer\">\n\t\t\t<div class=\"elementor-spacer-inner\"><\/div>\n\t\t<\/div>\n\t\t\t\t\t\t<\/div>\n\t\t\t\t<\/div>\n\t\t\t\t<\/div>\n\t\t<div class=\"elementor-element elementor-element-26a1150 e-flex e-con-boxed e-con e-parent\" data-id=\"26a1150\" data-element_type=\"container\" data-e-type=\"container\">\n\t\t\t\t\t<div class=\"e-con-inner\">\n\t\t\t\t<div class=\"elementor-element elementor-element-b3e52e3 elementor-widget elementor-widget-spacer\" data-id=\"b3e52e3\" data-element_type=\"widget\" data-e-type=\"widget\" data-widget_type=\"spacer.default\">\n\t\t\t\t<div class=\"elementor-widget-container\">\n\t\t\t\t\t\t\t<div class=\"elementor-spacer\">\n\t\t\t<div class=\"elementor-spacer-inner\"><\/div>\n\t\t<\/div>\n\t\t\t\t\t\t<\/div>\n\t\t\t\t<\/div>\n\t\t\t\t\t<\/div>\n\t\t\t\t<\/div>\n\t\t<div class=\"elementor-element elementor-element-914c48f e-flex e-con-boxed e-con e-parent\" data-id=\"914c48f\" data-element_type=\"container\" data-e-type=\"container\">\n\t\t\t\t\t<div class=\"e-con-inner\">\n\t\t\t\t<div class=\"elementor-element elementor-element-efc2324 elementor-widget elementor-widget-spacer\" data-id=\"efc2324\" data-element_type=\"widget\" data-e-type=\"widget\" data-widget_type=\"spacer.default\">\n\t\t\t\t<div class=\"elementor-widget-container\">\n\t\t\t\t\t\t\t<div class=\"elementor-spacer\">\n\t\t\t<div class=\"elementor-spacer-inner\"><\/div>\n\t\t<\/div>\n\t\t\t\t\t\t<\/div>\n\t\t\t\t<\/div>\n\t\t\t\t\t<\/div>\n\t\t\t\t<\/div>\n\t\t<div class=\"elementor-element elementor-element-883c3ca e-flex e-con-boxed e-con e-parent\" data-id=\"883c3ca\" data-element_type=\"container\" data-e-type=\"container\">\n\t\t\t\t\t<div class=\"e-con-inner\">\n\t\t\t\t<div class=\"elementor-element elementor-element-e31e142 elementor-widget elementor-widget-heading\" data-id=\"e31e142\" data-element_type=\"widget\" data-e-type=\"widget\" data-widget_type=\"heading.default\">\n\t\t\t\t<div class=\"elementor-widget-container\">\n\t\t\t\t\t<h2 class=\"elementor-heading-title elementor-size-default\">Le mus\u00e9e-biblioth\u00e8que Paul-Arbaud<\/h2>\t\t\t\t<\/div>\n\t\t\t\t<\/div>\n\t\t\t\t<div class=\"elementor-element elementor-element-50f6300 elementor-widget elementor-widget-spacer\" data-id=\"50f6300\" data-element_type=\"widget\" data-e-type=\"widget\" data-widget_type=\"spacer.default\">\n\t\t\t\t<div class=\"elementor-widget-container\">\n\t\t\t\t\t\t\t<div class=\"elementor-spacer\">\n\t\t\t<div class=\"elementor-spacer-inner\"><\/div>\n\t\t<\/div>\n\t\t\t\t\t\t<\/div>\n\t\t\t\t<\/div>\n\t\t\t\t<div class=\"elementor-element elementor-element-10c0f3d elementor-widget elementor-widget-text-editor\" data-id=\"10c0f3d\" data-element_type=\"widget\" data-e-type=\"widget\" data-widget_type=\"text-editor.default\">\n\t\t\t\t<div class=\"elementor-widget-container\">\n\t\t\t\t\t\t\t\t\t<p class=\"p1\">Si\u00e8ge de l\u2019Acad\u00e9mie des sciences, agriculture, arts et belles-lettres d\u2019Aix qui en est propri\u00e9taire, le mus\u00e9e-biblioth\u00e8que Paul-Arbaud est situ\u00e9 \u00e0 l\u2019entr\u00e9e du quartier Mazarin, sur l\u2019emplacement d\u2019un ancien couvent de Feuillants, construit au milieu du XVIIe si\u00e8cle, vendu comme bien national et d\u00e9truit \u00e0 la R\u00e9volution. Le mus\u00e9e porte le nom de son fondateur, Paul Arbaud, n\u00e9 le 29\u00a0mars 1831 \u00e0 Paris o\u00f9 son p\u00e8re \u00e9tait juge au tribunal de la Seine.<\/p><p class=\"p1\">Collectionneur, bibliophile et m\u00e9c\u00e8ne, Paul Arbaud consacra sa vie et la fortune qu\u2019il h\u00e9rita de son p\u00e8re \u00e0 r\u00e9unir un ensemble tout \u00e0 fait exceptionnel tant par l\u2019ampleur que par la qualit\u00e9 et la diversit\u00e9 des pi\u00e8ces et des objets rassembl\u00e9s.<\/p><p class=\"p1\">\u00c0 la fin de sa vie, veuf et sans enfants, pour \u00e9viter que ses collections ne soient partag\u00e9es et dispers\u00e9es, Paul Arbaud, par son testament r\u00e9dig\u00e9 en octobre\u00a01910, les l\u00e9gua, ainsi que son h\u00f4tel, \u00e0 l\u2019Acad\u00e9mie d\u2019Aix dont il \u00e9tait membre d\u2019honneur, \u00e0 charge pour elle de les entretenir et de les ouvrir au public. Il mourut peu apr\u00e8s, le 17\u00a0mars 1911.<\/p>\t\t\t\t\t\t\t\t<\/div>\n\t\t\t\t<\/div>\n\t\t\t\t<div class=\"elementor-element elementor-element-f965073 elementor-widget-divider--view-line elementor-widget elementor-widget-divider\" data-id=\"f965073\" data-element_type=\"widget\" data-e-type=\"widget\" data-widget_type=\"divider.default\">\n\t\t\t\t<div class=\"elementor-widget-container\">\n\t\t\t\t\t\t\t<div class=\"elementor-divider\">\n\t\t\t<span class=\"elementor-divider-separator\">\n\t\t\t\t\t\t<\/span>\n\t\t<\/div>\n\t\t\t\t\t\t<\/div>\n\t\t\t\t<\/div>\n\t\t\t\t<div class=\"elementor-element elementor-element-753b444 elementor-widget elementor-widget-text-editor\" data-id=\"753b444\" data-element_type=\"widget\" data-e-type=\"widget\" data-widget_type=\"text-editor.default\">\n\t\t\t\t<div class=\"elementor-widget-container\">\n\t\t\t\t\t\t\t\t\t<p><em>Le mus\u00e9e b\u00e9n\u00e9fice de l\u2019appellation <\/em>Mus\u00e9e de France<em>, attribu\u00e9e par le minist\u00e8re de la Culture.<\/em><\/p>\t\t\t\t\t\t\t\t<\/div>\n\t\t\t\t<\/div>\n\t\t\t\t<div class=\"elementor-element elementor-element-ed355ac elementor-widget elementor-widget-image\" data-id=\"ed355ac\" data-element_type=\"widget\" data-e-type=\"widget\" data-widget_type=\"image.default\">\n\t\t\t\t<div class=\"elementor-widget-container\">\n\t\t\t\t\t\t\t\t\t\t\t\t\t\t\t\t<a href=\"https:\/\/www.culture.gouv.fr\/Aides-demarches\/Protections-labels-et-appellations\/Appellation-Musee-de-France\">\n\t\t\t\t\t\t\t<img loading=\"lazy\" decoding=\"async\" width=\"1024\" height=\"1024\" src=\"https:\/\/museebiblioarbaud.fr\/wp-content\/uploads\/musee-de-france-logo-pos-1024x1024.jpg\" class=\"attachment-large size-large wp-image-619\" alt=\"\" srcset=\"https:\/\/museebiblioarbaud.fr\/wp-content\/uploads\/musee-de-france-logo-pos-1024x1024.jpg 1024w, https:\/\/museebiblioarbaud.fr\/wp-content\/uploads\/musee-de-france-logo-pos-300x300.jpg 300w, https:\/\/museebiblioarbaud.fr\/wp-content\/uploads\/musee-de-france-logo-pos-150x150.jpg 150w, https:\/\/museebiblioarbaud.fr\/wp-content\/uploads\/musee-de-france-logo-pos-768x768.jpg 768w, https:\/\/museebiblioarbaud.fr\/wp-content\/uploads\/musee-de-france-logo-pos-1536x1536.jpg 1536w, https:\/\/museebiblioarbaud.fr\/wp-content\/uploads\/musee-de-france-logo-pos-600x600.jpg 600w, https:\/\/museebiblioarbaud.fr\/wp-content\/uploads\/musee-de-france-logo-pos.jpg 1754w\" sizes=\"(max-width: 1024px) 100vw, 1024px\" \/>\t\t\t\t\t\t\t\t<\/a>\n\t\t\t\t\t\t\t\t\t\t\t\t\t\t\t<\/div>\n\t\t\t\t<\/div>\n\t\t\t\t\t<\/div>\n\t\t\t\t<\/div>\n\t\t\t\t<\/div>\n\t\t","protected":false},"excerpt":{"rendered":"<p>Il y a 150 ans \u00e0 Aix, le nom du Cours fut chang\u00e9 en \u00ab\u00a0cours Mirabeau\u00a0\u00bb, en hommage au grand orateur de la libert\u00e9 et de la R\u00e9volution que fut Mirabeau. Cette exposition pr\u00e9sente un exceptionnel ensemble de documents d\u2019\u00e9poque et d\u2019\u0153uvres \u00e0 sa m\u00e9moire. La vie sentimentale et politique de Mirabeau est \u00e9troitement li\u00e9e [&hellip;]<\/p>\n","protected":false},"author":1,"featured_media":906,"parent":0,"menu_order":0,"comment_status":"closed","ping_status":"closed","template":"","meta":{"footnotes":""},"class_list":["post-27","page","type-page","status-publish","has-post-thumbnail","hentry","entry","has-media","owp-thumbs-layout-horizontal","owp-btn-normal","owp-tabs-layout-horizontal","has-no-thumbnails","has-product-nav"],"yoast_head":"<!-- This site is optimized with the Yoast SEO plugin v28.0 - https:\/\/yoast.com\/product\/yoast-seo-wordpress\/ -->\n<title>Accueil - Mus\u00e9e-biblioth\u00e8que Paul-Arbaud<\/title>\n<meta name=\"robots\" content=\"index, follow, max-snippet:-1, max-image-preview:large, max-video-preview:-1\" \/>\n<link rel=\"canonical\" href=\"https:\/\/museebiblioarbaud.fr\/\" \/>\n<meta property=\"og:locale\" content=\"fr_FR\" \/>\n<meta property=\"og:type\" content=\"article\" \/>\n<meta property=\"og:title\" content=\"Accueil - Mus\u00e9e-biblioth\u00e8que Paul-Arbaud\" \/>\n<meta property=\"og:description\" content=\"Il y a 150 ans \u00e0 Aix, le nom du Cours fut chang\u00e9 en \u00ab\u00a0cours Mirabeau\u00a0\u00bb, en hommage au grand orateur de la libert\u00e9 et de la R\u00e9volution que fut Mirabeau. Cette exposition pr\u00e9sente un exceptionnel ensemble de documents d\u2019\u00e9poque et d\u2019\u0153uvres \u00e0 sa m\u00e9moire. La vie sentimentale et politique de Mirabeau est \u00e9troitement li\u00e9e [&hellip;]\" \/>\n<meta property=\"og:url\" content=\"https:\/\/museebiblioarbaud.fr\/\" \/>\n<meta property=\"og:site_name\" content=\"Mus\u00e9e-biblioth\u00e8que Paul-Arbaud\" \/>\n<meta property=\"article:modified_time\" content=\"2026-08-28T09:50:00+00:00\" \/>\n<meta property=\"og:image\" content=\"https:\/\/museebiblioarbaud.fr\/wp-content\/uploads\/IMG_5268.jpg\" \/>\n\t<meta property=\"og:image:width\" content=\"394\" \/>\n\t<meta property=\"og:image:height\" content=\"609\" \/>\n\t<meta property=\"og:image:type\" content=\"image\/jpeg\" \/>\n<meta name=\"twitter:card\" content=\"summary_large_image\" \/>\n<meta name=\"twitter:label1\" content=\"Dur\u00e9e de lecture estim\u00e9e\" \/>\n\t<meta name=\"twitter:data1\" content=\"4 minutes\" \/>\n<script type=\"application\/ld+json\" class=\"yoast-schema-graph\">{\"@context\":\"https:\\\/\\\/schema.org\",\"@graph\":[{\"@type\":\"WebPage\",\"@id\":\"https:\\\/\\\/museebiblioarbaud.fr\\\/\",\"url\":\"https:\\\/\\\/museebiblioarbaud.fr\\\/\",\"name\":\"Accueil - Mus\u00e9e-biblioth\u00e8que Paul-Arbaud\",\"isPartOf\":{\"@id\":\"https:\\\/\\\/museebiblioarbaud.fr\\\/#website\"},\"primaryImageOfPage\":{\"@id\":\"https:\\\/\\\/museebiblioarbaud.fr\\\/#primaryimage\"},\"image\":{\"@id\":\"https:\\\/\\\/museebiblioarbaud.fr\\\/#primaryimage\"},\"thumbnailUrl\":\"https:\\\/\\\/museebiblioarbaud.fr\\\/wp-content\\\/uploads\\\/IMG_5268.jpg\",\"datePublished\":\"2024-05-16T13:37:32+00:00\",\"dateModified\":\"2026-08-28T09:50:00+00:00\",\"breadcrumb\":{\"@id\":\"https:\\\/\\\/museebiblioarbaud.fr\\\/#breadcrumb\"},\"inLanguage\":\"fr-FR\",\"potentialAction\":[{\"@type\":\"ReadAction\",\"target\":[\"https:\\\/\\\/museebiblioarbaud.fr\\\/\"]}]},{\"@type\":\"ImageObject\",\"inLanguage\":\"fr-FR\",\"@id\":\"https:\\\/\\\/museebiblioarbaud.fr\\\/#primaryimage\",\"url\":\"https:\\\/\\\/museebiblioarbaud.fr\\\/wp-content\\\/uploads\\\/IMG_5268.jpg\",\"contentUrl\":\"https:\\\/\\\/museebiblioarbaud.fr\\\/wp-content\\\/uploads\\\/IMG_5268.jpg\",\"width\":394,\"height\":609},{\"@type\":\"BreadcrumbList\",\"@id\":\"https:\\\/\\\/museebiblioarbaud.fr\\\/#breadcrumb\",\"itemListElement\":[{\"@type\":\"ListItem\",\"position\":1,\"name\":\"Accueil\",\"item\":\"https:\\\/\\\/museebiblioarbaud.fr\\\/\"},{\"@type\":\"ListItem\",\"position\":2,\"name\":\"Accueil\"}]},{\"@type\":\"WebSite\",\"@id\":\"https:\\\/\\\/museebiblioarbaud.fr\\\/#website\",\"url\":\"https:\\\/\\\/museebiblioarbaud.fr\\\/\",\"name\":\"Mus\u00e9e biblioth\u00e8que Paul-Arbaud\",\"description\":\"L&#039;h\u00f4tel particulier d&#039;un collectionneur bibliophile du XIXe si\u00e8cle, si\u00e8ge de l&#039;Acad\u00e9mie des sciences, agriculture, arts et belles-lettres d&#039;Aix\",\"publisher\":{\"@id\":\"https:\\\/\\\/museebiblioarbaud.fr\\\/#organization\"},\"potentialAction\":[{\"@type\":\"SearchAction\",\"target\":{\"@type\":\"EntryPoint\",\"urlTemplate\":\"https:\\\/\\\/museebiblioarbaud.fr\\\/?s={search_term_string}\"},\"query-input\":{\"@type\":\"PropertyValueSpecification\",\"valueRequired\":true,\"valueName\":\"search_term_string\"}}],\"inLanguage\":\"fr-FR\"},{\"@type\":\"Organization\",\"@id\":\"https:\\\/\\\/museebiblioarbaud.fr\\\/#organization\",\"name\":\"Mus\u00e9e biblioth\u00e8que Paul-Arbaud\",\"url\":\"https:\\\/\\\/museebiblioarbaud.fr\\\/\",\"logo\":{\"@type\":\"ImageObject\",\"inLanguage\":\"fr-FR\",\"@id\":\"https:\\\/\\\/museebiblioarbaud.fr\\\/#\\\/schema\\\/logo\\\/image\\\/\",\"url\":\"https:\\\/\\\/museebiblioarbaud.fr\\\/wp-content\\\/uploads\\\/logoMBPAdevsite.png\",\"contentUrl\":\"https:\\\/\\\/museebiblioarbaud.fr\\\/wp-content\\\/uploads\\\/logoMBPAdevsite.png\",\"width\":617,\"height\":258,\"caption\":\"Mus\u00e9e biblioth\u00e8que Paul-Arbaud\"},\"image\":{\"@id\":\"https:\\\/\\\/museebiblioarbaud.fr\\\/#\\\/schema\\\/logo\\\/image\\\/\"}}]}<\/script>\n<!-- \/ Yoast SEO plugin. -->","yoast_head_json":{"title":"Accueil - Mus\u00e9e-biblioth\u00e8que Paul-Arbaud","robots":{"index":"index","follow":"follow","max-snippet":"max-snippet:-1","max-image-preview":"max-image-preview:large","max-video-preview":"max-video-preview:-1"},"canonical":"https:\/\/museebiblioarbaud.fr\/","og_locale":"fr_FR","og_type":"article","og_title":"Accueil - Mus\u00e9e-biblioth\u00e8que Paul-Arbaud","og_description":"Il y a 150 ans \u00e0 Aix, le nom du Cours fut chang\u00e9 en \u00ab\u00a0cours Mirabeau\u00a0\u00bb, en hommage au grand orateur de la libert\u00e9 et de la R\u00e9volution que fut Mirabeau. Cette exposition pr\u00e9sente un exceptionnel ensemble de documents d\u2019\u00e9poque et d\u2019\u0153uvres \u00e0 sa m\u00e9moire. La vie sentimentale et politique de Mirabeau est \u00e9troitement li\u00e9e [&hellip;]","og_url":"https:\/\/museebiblioarbaud.fr\/","og_site_name":"Mus\u00e9e-biblioth\u00e8que Paul-Arbaud","article_modified_time":"2026-08-28T09:50:00+00:00","og_image":[{"width":394,"height":609,"url":"https:\/\/museebiblioarbaud.fr\/wp-content\/uploads\/IMG_5268.jpg","type":"image\/jpeg"}],"twitter_card":"summary_large_image","twitter_misc":{"Dur\u00e9e de lecture estim\u00e9e":"4 minutes"},"schema":{"@context":"https:\/\/schema.org","@graph":[{"@type":"WebPage","@id":"https:\/\/museebiblioarbaud.fr\/","url":"https:\/\/museebiblioarbaud.fr\/","name":"Accueil - Mus\u00e9e-biblioth\u00e8que Paul-Arbaud","isPartOf":{"@id":"https:\/\/museebiblioarbaud.fr\/#website"},"primaryImageOfPage":{"@id":"https:\/\/museebiblioarbaud.fr\/#primaryimage"},"image":{"@id":"https:\/\/museebiblioarbaud.fr\/#primaryimage"},"thumbnailUrl":"https:\/\/museebiblioarbaud.fr\/wp-content\/uploads\/IMG_5268.jpg","datePublished":"2024-05-16T13:37:32+00:00","dateModified":"2026-08-28T09:50:00+00:00","breadcrumb":{"@id":"https:\/\/museebiblioarbaud.fr\/#breadcrumb"},"inLanguage":"fr-FR","potentialAction":[{"@type":"ReadAction","target":["https:\/\/museebiblioarbaud.fr\/"]}]},{"@type":"ImageObject","inLanguage":"fr-FR","@id":"https:\/\/museebiblioarbaud.fr\/#primaryimage","url":"https:\/\/museebiblioarbaud.fr\/wp-content\/uploads\/IMG_5268.jpg","contentUrl":"https:\/\/museebiblioarbaud.fr\/wp-content\/uploads\/IMG_5268.jpg","width":394,"height":609},{"@type":"BreadcrumbList","@id":"https:\/\/museebiblioarbaud.fr\/#breadcrumb","itemListElement":[{"@type":"ListItem","position":1,"name":"Accueil","item":"https:\/\/museebiblioarbaud.fr\/"},{"@type":"ListItem","position":2,"name":"Accueil"}]},{"@type":"WebSite","@id":"https:\/\/museebiblioarbaud.fr\/#website","url":"https:\/\/museebiblioarbaud.fr\/","name":"Mus\u00e9e biblioth\u00e8que Paul-Arbaud","description":"L&#039;h\u00f4tel particulier d&#039;un collectionneur bibliophile du XIXe si\u00e8cle, si\u00e8ge de l&#039;Acad\u00e9mie des sciences, agriculture, arts et belles-lettres d&#039;Aix","publisher":{"@id":"https:\/\/museebiblioarbaud.fr\/#organization"},"potentialAction":[{"@type":"SearchAction","target":{"@type":"EntryPoint","urlTemplate":"https:\/\/museebiblioarbaud.fr\/?s={search_term_string}"},"query-input":{"@type":"PropertyValueSpecification","valueRequired":true,"valueName":"search_term_string"}}],"inLanguage":"fr-FR"},{"@type":"Organization","@id":"https:\/\/museebiblioarbaud.fr\/#organization","name":"Mus\u00e9e biblioth\u00e8que Paul-Arbaud","url":"https:\/\/museebiblioarbaud.fr\/","logo":{"@type":"ImageObject","inLanguage":"fr-FR","@id":"https:\/\/museebiblioarbaud.fr\/#\/schema\/logo\/image\/","url":"https:\/\/museebiblioarbaud.fr\/wp-content\/uploads\/logoMBPAdevsite.png","contentUrl":"https:\/\/museebiblioarbaud.fr\/wp-content\/uploads\/logoMBPAdevsite.png","width":617,"height":258,"caption":"Mus\u00e9e biblioth\u00e8que Paul-Arbaud"},"image":{"@id":"https:\/\/museebiblioarbaud.fr\/#\/schema\/logo\/image\/"}}]}},"jetpack_sharing_enabled":true,"_links":{"self":[{"href":"https:\/\/museebiblioarbaud.fr\/index.php\/wp-json\/wp\/v2\/pages\/27","targetHints":{"allow":["GET"]}}],"collection":[{"href":"https:\/\/museebiblioarbaud.fr\/index.php\/wp-json\/wp\/v2\/pages"}],"about":[{"href":"https:\/\/museebiblioarbaud.fr\/index.php\/wp-json\/wp\/v2\/types\/page"}],"author":[{"embeddable":true,"href":"https:\/\/museebiblioarbaud.fr\/index.php\/wp-json\/wp\/v2\/users\/1"}],"replies":[{"embeddable":true,"href":"https:\/\/museebiblioarbaud.fr\/index.php\/wp-json\/wp\/v2\/comments?post=27"}],"version-history":[{"count":692,"href":"https:\/\/museebiblioarbaud.fr\/index.php\/wp-json\/wp\/v2\/pages\/27\/revisions"}],"predecessor-version":[{"id":2493,"href":"https:\/\/museebiblioarbaud.fr\/index.php\/wp-json\/wp\/v2\/pages\/27\/revisions\/2493"}],"wp:featuredmedia":[{"embeddable":true,"href":"https:\/\/museebiblioarbaud.fr\/index.php\/wp-json\/wp\/v2\/media\/906"}],"wp:attachment":[{"href":"https:\/\/museebiblioarbaud.fr\/index.php\/wp-json\/wp\/v2\/media?parent=27"}],"curies":[{"name":"wp","href":"https:\/\/api.w.org\/{rel}","templated":true}]}}