{"id":644,"date":"2024-07-15T16:45:46","date_gmt":"2024-07-15T14:45:46","guid":{"rendered":"https:\/\/museebiblioarbaud.fr\/?page_id=644"},"modified":"2025-04-01T17:43:14","modified_gmt":"2025-04-01T15:43:14","slug":"collection-de-faiences","status":"publish","type":"page","link":"https:\/\/museebiblioarbaud.fr\/index.php\/collection-de-faiences\/","title":{"rendered":"Collection de fa\u00efences"},"content":{"rendered":"\t\t<div data-elementor-type=\"wp-page\" data-elementor-id=\"644\" class=\"elementor elementor-644\">\n\t\t\t\t<div class=\"elementor-element elementor-element-9bcb133 e-con-full e-flex e-con e-parent\" data-id=\"9bcb133\" data-element_type=\"container\" data-e-type=\"container\">\n\t\t\t\t<div class=\"elementor-element elementor-element-99e5332 elementor-widget__width-inherit e-transform e-transform elementor-invisible elementor-widget elementor-widget-image\" data-id=\"99e5332\" data-element_type=\"widget\" data-e-type=\"widget\" data-settings=\"{&quot;_animation&quot;:&quot;fadeInDown&quot;,&quot;_transform_translateX_effect&quot;:{&quot;unit&quot;:&quot;px&quot;,&quot;size&quot;:0,&quot;sizes&quot;:[]},&quot;_transform_translateX_effect_tablet&quot;:{&quot;unit&quot;:&quot;px&quot;,&quot;size&quot;:&quot;&quot;,&quot;sizes&quot;:[]},&quot;_transform_translateX_effect_mobile&quot;:{&quot;unit&quot;:&quot;px&quot;,&quot;size&quot;:&quot;&quot;,&quot;sizes&quot;:[]},&quot;_transform_translateY_effect&quot;:{&quot;unit&quot;:&quot;px&quot;,&quot;size&quot;:&quot;&quot;,&quot;sizes&quot;:[]},&quot;_transform_translateY_effect_tablet&quot;:{&quot;unit&quot;:&quot;px&quot;,&quot;size&quot;:&quot;&quot;,&quot;sizes&quot;:[]},&quot;_transform_translateY_effect_mobile&quot;:{&quot;unit&quot;:&quot;px&quot;,&quot;size&quot;:&quot;&quot;,&quot;sizes&quot;:[]},&quot;_transform_scale_effect&quot;:{&quot;unit&quot;:&quot;px&quot;,&quot;size&quot;:&quot;&quot;,&quot;sizes&quot;:[]},&quot;_transform_scale_effect_tablet&quot;:{&quot;unit&quot;:&quot;px&quot;,&quot;size&quot;:&quot;&quot;,&quot;sizes&quot;:[]},&quot;_transform_scale_effect_mobile&quot;:{&quot;unit&quot;:&quot;px&quot;,&quot;size&quot;:&quot;&quot;,&quot;sizes&quot;:[]}}\" data-widget_type=\"image.default\">\n\t\t\t\t<div class=\"elementor-widget-container\">\n\t\t\t\t\t\t\t\t\t\t\t\t\t\t\t<img fetchpriority=\"high\" decoding=\"async\" width=\"1500\" height=\"492\" src=\"https:\/\/museebiblioarbaud.fr\/wp-content\/uploads\/plats-grotesques-1.jpg\" class=\"attachment-full size-full wp-image-654\" alt=\"\" srcset=\"https:\/\/museebiblioarbaud.fr\/wp-content\/uploads\/plats-grotesques-1.jpg 1500w, https:\/\/museebiblioarbaud.fr\/wp-content\/uploads\/plats-grotesques-1-300x98.jpg 300w, https:\/\/museebiblioarbaud.fr\/wp-content\/uploads\/plats-grotesques-1-1024x336.jpg 1024w, https:\/\/museebiblioarbaud.fr\/wp-content\/uploads\/plats-grotesques-1-768x252.jpg 768w\" sizes=\"(max-width: 1500px) 100vw, 1500px\" \/>\t\t\t\t\t\t\t\t\t\t\t\t\t\t\t<\/div>\n\t\t\t\t<\/div>\n\t\t\t\t<div class=\"elementor-element elementor-element-79ba6cf elementor-widget elementor-widget-spacer\" data-id=\"79ba6cf\" data-element_type=\"widget\" data-e-type=\"widget\" data-widget_type=\"spacer.default\">\n\t\t\t\t<div class=\"elementor-widget-container\">\n\t\t\t\t\t\t\t<div class=\"elementor-spacer\">\n\t\t\t<div class=\"elementor-spacer-inner\"><\/div>\n\t\t<\/div>\n\t\t\t\t\t\t<\/div>\n\t\t\t\t<\/div>\n\t\t\t\t<\/div>\n\t\t<div class=\"elementor-element elementor-element-c7b0eee e-flex e-con-boxed e-con e-parent\" data-id=\"c7b0eee\" data-element_type=\"container\" data-e-type=\"container\">\n\t\t\t\t\t<div class=\"e-con-inner\">\n\t\t\t\t<div class=\"elementor-element elementor-element-4577931 elementor-widget elementor-widget-text-editor\" data-id=\"4577931\" data-element_type=\"widget\" data-e-type=\"widget\" data-widget_type=\"text-editor.default\">\n\t\t\t\t<div class=\"elementor-widget-container\">\n\t\t\t\t\t\t\t\t\t<p>L&rsquo;Acad\u00e9mie des sciences, agriculture, arts et belles-lettres a le privil\u00e8ge de conserver, dans l&rsquo;h\u00f4tel particulier qu&rsquo;elle occupe, une exceptionnelle collection de fa\u00efences proven\u00e7ales. Elle le doit \u00e0 la g\u00e9n\u00e9rosit\u00e9 de l&rsquo;un de ses membres qui lui l\u00e9gua, il y a plus de cent ans, cet h\u00f4tel et les \u0153uvres qu&rsquo;il contenait.\u00a0<span style=\"font-family: Roboto, sans-serif; font-size: 14px; font-style: normal; font-variant-ligatures: normal; font-variant-caps: normal; font-weight: 400; color: var( --e-global-color-text ); text-align: var(--text-align);\">Homme de go\u00fbt, fin lettr\u00e9, amateur d&rsquo;art reconnu, collectionneur avis\u00e9, Paul Arbaud y v\u00e9cut jusqu&rsquo;en 1911 et y rassembla pr\u00e8s de deux cent cinquante pi\u00e8ces, essentiellement de Moustiers et de Marseille.<\/span><span style=\"font-family: Roboto, sans-serif; font-size: 14px; font-style: normal; font-variant-ligatures: normal; font-variant-caps: normal; font-weight: 400; color: var( --e-global-color-text ); text-align: var(--text-align);\">\u00a0<\/span><\/p>\t\t\t\t\t\t\t\t<\/div>\n\t\t\t\t<\/div>\n\t\t<div class=\"elementor-element elementor-element-3036e05 e-con-full e-flex e-con e-child\" data-id=\"3036e05\" data-element_type=\"container\" data-e-type=\"container\">\n\t\t\t\t<\/div>\n\t\t\t\t\t<\/div>\n\t\t\t\t<\/div>\n\t\t<div class=\"elementor-element elementor-element-72f7841 e-con-full e-flex e-con e-parent\" data-id=\"72f7841\" data-element_type=\"container\" data-e-type=\"container\">\n\t\t<div class=\"elementor-element elementor-element-56749b8 e-con-full e-flex e-con e-child\" data-id=\"56749b8\" data-element_type=\"container\" data-e-type=\"container\" data-settings=\"{&quot;background_background&quot;:&quot;classic&quot;}\">\n\t\t\t\t<div class=\"elementor-element elementor-element-2715160 elementor-widget elementor-widget-image\" data-id=\"2715160\" data-element_type=\"widget\" data-e-type=\"widget\" data-widget_type=\"image.default\">\n\t\t\t\t<div class=\"elementor-widget-container\">\n\t\t\t\t\t\t\t\t\t\t\t\t\t\t\t<img decoding=\"async\" width=\"1024\" height=\"739\" src=\"https:\/\/museebiblioarbaud.fr\/wp-content\/uploads\/1912.01.135-Plaque-de-chasse-2-1024x739.jpg\" class=\"attachment-large size-large wp-image-666\" alt=\"\" srcset=\"https:\/\/museebiblioarbaud.fr\/wp-content\/uploads\/1912.01.135-Plaque-de-chasse-2-1024x739.jpg 1024w, https:\/\/museebiblioarbaud.fr\/wp-content\/uploads\/1912.01.135-Plaque-de-chasse-2-300x217.jpg 300w, https:\/\/museebiblioarbaud.fr\/wp-content\/uploads\/1912.01.135-Plaque-de-chasse-2-768x554.jpg 768w, https:\/\/museebiblioarbaud.fr\/wp-content\/uploads\/1912.01.135-Plaque-de-chasse-2-1536x1109.jpg 1536w, https:\/\/museebiblioarbaud.fr\/wp-content\/uploads\/1912.01.135-Plaque-de-chasse-2-2048x1478.jpg 2048w\" sizes=\"(max-width: 1024px) 100vw, 1024px\" \/>\t\t\t\t\t\t\t\t\t\t\t\t\t\t\t<\/div>\n\t\t\t\t<\/div>\n\t\t\t\t<div class=\"elementor-element elementor-element-22f634a elementor-widget elementor-widget-heading\" data-id=\"22f634a\" data-element_type=\"widget\" data-e-type=\"widget\" data-widget_type=\"heading.default\">\n\t\t\t\t<div class=\"elementor-widget-container\">\n\t\t\t\t\t<h2 class=\"elementor-heading-title elementor-size-default\">D\u00e9cors gravures<\/h2>\t\t\t\t<\/div>\n\t\t\t\t<\/div>\n\t\t\t\t<div class=\"elementor-element elementor-element-6ff16ad elementor-widget elementor-widget-text-editor\" data-id=\"6ff16ad\" data-element_type=\"widget\" data-e-type=\"widget\" data-widget_type=\"text-editor.default\">\n\t\t\t\t<div class=\"elementor-widget-container\">\n\t\t\t\t\t\t\t\t\t<p>Le mus\u00e9e Arbaud offre une riche s\u00e9lection de pi\u00e8ces inspir\u00e9es de gravures d&rsquo;Antonio Tempesta (1555-1630). Ces pi\u00e8ces, en monochromie bleu de cobalt, furent produites entre la fin du XVIIe\u00a0<span style=\"font-family: 'EB Garamond', sans-serif; font-size: 20px; font-style: normal; font-variant-ligatures: normal; font-variant-caps: normal; font-weight: 400; color: var( --e-global-color-text );\">si\u00e8cle\u00a0<\/span><span style=\"font-size: 20px; color: var( --e-global-color-text );\">et les deux premi\u00e8res d\u00e9cennies du XVIIIe par la fabrique Cl\u00e9rissy \u00e0 Moustiers (Alpes-de-Haute-Provence).<\/span><\/p>\t\t\t\t\t\t\t\t<\/div>\n\t\t\t\t<\/div>\n\t\t\t\t<\/div>\n\t\t<div class=\"elementor-element elementor-element-7770647 e-con-full e-flex e-con e-child\" data-id=\"7770647\" data-element_type=\"container\" data-e-type=\"container\" data-settings=\"{&quot;background_background&quot;:&quot;classic&quot;}\">\n\t\t\t\t<div class=\"elementor-element elementor-element-9aaaa70 elementor-widget elementor-widget-image\" data-id=\"9aaaa70\" data-element_type=\"widget\" data-e-type=\"widget\" data-widget_type=\"image.default\">\n\t\t\t\t<div class=\"elementor-widget-container\">\n\t\t\t\t\t\t\t\t\t\t\t\t\t\t\t<img decoding=\"async\" width=\"1181\" height=\"1147\" src=\"https:\/\/museebiblioarbaud.fr\/wp-content\/uploads\/plat-grotesques-1912.01.313-1-1.jpg\" class=\"attachment-full size-full wp-image-667\" alt=\"\" srcset=\"https:\/\/museebiblioarbaud.fr\/wp-content\/uploads\/plat-grotesques-1912.01.313-1-1.jpg 1181w, https:\/\/museebiblioarbaud.fr\/wp-content\/uploads\/plat-grotesques-1912.01.313-1-1-300x291.jpg 300w, https:\/\/museebiblioarbaud.fr\/wp-content\/uploads\/plat-grotesques-1912.01.313-1-1-1024x995.jpg 1024w, https:\/\/museebiblioarbaud.fr\/wp-content\/uploads\/plat-grotesques-1912.01.313-1-1-768x746.jpg 768w\" sizes=\"(max-width: 1181px) 100vw, 1181px\" \/>\t\t\t\t\t\t\t\t\t\t\t\t\t\t\t<\/div>\n\t\t\t\t<\/div>\n\t\t\t\t<div class=\"elementor-element elementor-element-9a2936e elementor-widget elementor-widget-heading\" data-id=\"9a2936e\" data-element_type=\"widget\" data-e-type=\"widget\" data-widget_type=\"heading.default\">\n\t\t\t\t<div class=\"elementor-widget-container\">\n\t\t\t\t\t<h2 class=\"elementor-heading-title elementor-size-default\">Les grotesques<\/h2>\t\t\t\t<\/div>\n\t\t\t\t<\/div>\n\t\t\t\t<div class=\"elementor-element elementor-element-60eb32c elementor-widget elementor-widget-text-editor\" data-id=\"60eb32c\" data-element_type=\"widget\" data-e-type=\"widget\" data-widget_type=\"text-editor.default\">\n\t\t\t\t<div class=\"elementor-widget-container\">\n\t\t\t\t\t\t\t\t\t<p>Le d\u00e9cor aux grotesques est un d\u00e9cor original fait de figurines reposant sur des terrasses, sans perspective ni rapport entre elles, entour\u00e9es de v\u00e9g\u00e9taux. Il fut cr\u00e9\u00e9 par l&rsquo;atelier d&rsquo;Ol\u00e9rys \u00e0 Moustiers dans la premi\u00e8re partie du XVIIIe si\u00e8cle.<\/p>\t\t\t\t\t\t\t\t<\/div>\n\t\t\t\t<\/div>\n\t\t\t\t<\/div>\n\t\t<div class=\"elementor-element elementor-element-cffaee9 e-con-full e-flex e-con e-child\" data-id=\"cffaee9\" data-element_type=\"container\" data-e-type=\"container\" data-settings=\"{&quot;background_background&quot;:&quot;classic&quot;}\">\n\t\t\t\t<div class=\"elementor-element elementor-element-90a5e46 elementor-widget elementor-widget-image\" data-id=\"90a5e46\" data-element_type=\"widget\" data-e-type=\"widget\" data-widget_type=\"image.default\">\n\t\t\t\t<div class=\"elementor-widget-container\">\n\t\t\t\t\t\t\t\t\t\t\t\t\t\t\t<img loading=\"lazy\" decoding=\"async\" width=\"1935\" height=\"2560\" src=\"https:\/\/museebiblioarbaud.fr\/wp-content\/uploads\/1912.01.245246-scaled.jpg\" class=\"attachment-full size-full wp-image-665\" alt=\"\" srcset=\"https:\/\/museebiblioarbaud.fr\/wp-content\/uploads\/1912.01.245246-scaled.jpg 1935w, https:\/\/museebiblioarbaud.fr\/wp-content\/uploads\/1912.01.245246-227x300.jpg 227w, https:\/\/museebiblioarbaud.fr\/wp-content\/uploads\/1912.01.245246-774x1024.jpg 774w, https:\/\/museebiblioarbaud.fr\/wp-content\/uploads\/1912.01.245246-768x1016.jpg 768w, https:\/\/museebiblioarbaud.fr\/wp-content\/uploads\/1912.01.245246-1161x1536.jpg 1161w, https:\/\/museebiblioarbaud.fr\/wp-content\/uploads\/1912.01.245246-1548x2048.jpg 1548w\" sizes=\"(max-width: 1935px) 100vw, 1935px\" \/>\t\t\t\t\t\t\t\t\t\t\t\t\t\t\t<\/div>\n\t\t\t\t<\/div>\n\t\t\t\t<div class=\"elementor-element elementor-element-bf1e83c elementor-widget elementor-widget-heading\" data-id=\"bf1e83c\" data-element_type=\"widget\" data-e-type=\"widget\" data-widget_type=\"heading.default\">\n\t\t\t\t<div class=\"elementor-widget-container\">\n\t\t\t\t\t<h2 class=\"elementor-heading-title elementor-size-default\">Les pots d'apothicairerie<\/h2>\t\t\t\t<\/div>\n\t\t\t\t<\/div>\n\t\t\t\t<div class=\"elementor-element elementor-element-957c3f7 elementor-widget elementor-widget-text-editor\" data-id=\"957c3f7\" data-element_type=\"widget\" data-e-type=\"widget\" data-widget_type=\"text-editor.default\">\n\t\t\t\t<div class=\"elementor-widget-container\">\n\t\t\t\t\t\t\t\t\t<p>Le mus\u00e9e poss\u00e8de plusieurs pi\u00e8ces produites par la manufacture Cl\u00e9rissy \u00e0 Moustiers, en cama\u00efeu bleu de grand feu.<\/p>\t\t\t\t\t\t\t\t<\/div>\n\t\t\t\t<\/div>\n\t\t\t\t<\/div>\n\t\t\t\t<\/div>\n\t\t\t\t<\/div>\n\t\t","protected":false},"excerpt":{"rendered":"<p>L&rsquo;Acad\u00e9mie des sciences, agriculture, arts et belles-lettres a le privil\u00e8ge de conserver, dans l&rsquo;h\u00f4tel particulier qu&rsquo;elle occupe, une exceptionnelle collection de fa\u00efences proven\u00e7ales. Elle le doit \u00e0 la g\u00e9n\u00e9rosit\u00e9 de l&rsquo;un de ses membres qui lui l\u00e9gua, il y a plus de cent ans, cet h\u00f4tel et les \u0153uvres qu&rsquo;il contenait.\u00a0Homme de go\u00fbt, fin lettr\u00e9, [&hellip;]<\/p>\n","protected":false},"author":1,"featured_media":0,"parent":0,"menu_order":0,"comment_status":"closed","ping_status":"closed","template":"","meta":{"footnotes":""},"class_list":["post-644","page","type-page","status-publish","hentry","entry"],"yoast_head":"<!-- This site is optimized with the Yoast SEO plugin v27.3 - https:\/\/yoast.com\/product\/yoast-seo-wordpress\/ -->\n<title>Collection de fa\u00efences - Mus\u00e9e-biblioth\u00e8que Paul-Arbaud<\/title>\n<meta name=\"robots\" content=\"index, follow, max-snippet:-1, max-image-preview:large, max-video-preview:-1\" \/>\n<link rel=\"canonical\" href=\"https:\/\/museebiblioarbaud.fr\/index.php\/collection-de-faiences\/\" \/>\n<meta property=\"og:locale\" content=\"fr_FR\" \/>\n<meta property=\"og:type\" content=\"article\" \/>\n<meta property=\"og:title\" content=\"Collection de fa\u00efences - Mus\u00e9e-biblioth\u00e8que Paul-Arbaud\" \/>\n<meta property=\"og:description\" content=\"L&rsquo;Acad\u00e9mie des sciences, agriculture, arts et belles-lettres a le privil\u00e8ge de conserver, dans l&rsquo;h\u00f4tel particulier qu&rsquo;elle occupe, une exceptionnelle collection de fa\u00efences proven\u00e7ales. Elle le doit \u00e0 la g\u00e9n\u00e9rosit\u00e9 de l&rsquo;un de ses membres qui lui l\u00e9gua, il y a plus de cent ans, cet h\u00f4tel et les \u0153uvres qu&rsquo;il contenait.\u00a0Homme de go\u00fbt, fin lettr\u00e9, [&hellip;]\" \/>\n<meta property=\"og:url\" content=\"https:\/\/museebiblioarbaud.fr\/index.php\/collection-de-faiences\/\" \/>\n<meta property=\"og:site_name\" content=\"Mus\u00e9e-biblioth\u00e8que Paul-Arbaud\" \/>\n<meta property=\"article:modified_time\" content=\"2025-04-01T15:43:14+00:00\" \/>\n<meta property=\"og:image\" content=\"https:\/\/museebiblioarbaud.fr\/wp-content\/uploads\/plats-grotesques-1.jpg\" \/>\n\t<meta property=\"og:image:width\" content=\"1500\" \/>\n\t<meta property=\"og:image:height\" content=\"492\" \/>\n\t<meta property=\"og:image:type\" content=\"image\/jpeg\" \/>\n<meta name=\"twitter:card\" content=\"summary_large_image\" \/>\n<meta name=\"twitter:label1\" content=\"Dur\u00e9e de lecture estim\u00e9e\" \/>\n\t<meta name=\"twitter:data1\" content=\"2 minutes\" \/>\n<script type=\"application\/ld+json\" class=\"yoast-schema-graph\">{\"@context\":\"https:\\\/\\\/schema.org\",\"@graph\":[{\"@type\":\"WebPage\",\"@id\":\"https:\\\/\\\/museebiblioarbaud.fr\\\/index.php\\\/collection-de-faiences\\\/\",\"url\":\"https:\\\/\\\/museebiblioarbaud.fr\\\/index.php\\\/collection-de-faiences\\\/\",\"name\":\"Collection de fa\u00efences - Mus\u00e9e-biblioth\u00e8que Paul-Arbaud\",\"isPartOf\":{\"@id\":\"https:\\\/\\\/museebiblioarbaud.fr\\\/#website\"},\"primaryImageOfPage\":{\"@id\":\"https:\\\/\\\/museebiblioarbaud.fr\\\/index.php\\\/collection-de-faiences\\\/#primaryimage\"},\"image\":{\"@id\":\"https:\\\/\\\/museebiblioarbaud.fr\\\/index.php\\\/collection-de-faiences\\\/#primaryimage\"},\"thumbnailUrl\":\"https:\\\/\\\/museebiblioarbaud.fr\\\/wp-content\\\/uploads\\\/plats-grotesques-1.jpg\",\"datePublished\":\"2024-07-15T14:45:46+00:00\",\"dateModified\":\"2025-04-01T15:43:14+00:00\",\"breadcrumb\":{\"@id\":\"https:\\\/\\\/museebiblioarbaud.fr\\\/index.php\\\/collection-de-faiences\\\/#breadcrumb\"},\"inLanguage\":\"fr-FR\",\"potentialAction\":[{\"@type\":\"ReadAction\",\"target\":[\"https:\\\/\\\/museebiblioarbaud.fr\\\/index.php\\\/collection-de-faiences\\\/\"]}]},{\"@type\":\"ImageObject\",\"inLanguage\":\"fr-FR\",\"@id\":\"https:\\\/\\\/museebiblioarbaud.fr\\\/index.php\\\/collection-de-faiences\\\/#primaryimage\",\"url\":\"https:\\\/\\\/museebiblioarbaud.fr\\\/wp-content\\\/uploads\\\/plats-grotesques-1.jpg\",\"contentUrl\":\"https:\\\/\\\/museebiblioarbaud.fr\\\/wp-content\\\/uploads\\\/plats-grotesques-1.jpg\",\"width\":1500,\"height\":492},{\"@type\":\"BreadcrumbList\",\"@id\":\"https:\\\/\\\/museebiblioarbaud.fr\\\/index.php\\\/collection-de-faiences\\\/#breadcrumb\",\"itemListElement\":[{\"@type\":\"ListItem\",\"position\":1,\"name\":\"Accueil\",\"item\":\"https:\\\/\\\/museebiblioarbaud.fr\\\/\"},{\"@type\":\"ListItem\",\"position\":2,\"name\":\"Collection de fa\u00efences\"}]},{\"@type\":\"WebSite\",\"@id\":\"https:\\\/\\\/museebiblioarbaud.fr\\\/#website\",\"url\":\"https:\\\/\\\/museebiblioarbaud.fr\\\/\",\"name\":\"Mus\u00e9e biblioth\u00e8que Paul-Arbaud\",\"description\":\"L&#039;h\u00f4tel particulier d&#039;un collectionneur bibliophile du XIXe si\u00e8cle, si\u00e8ge de l&#039;Acad\u00e9mie des sciences, agriculture, arts et belles-lettres d&#039;Aix\",\"publisher\":{\"@id\":\"https:\\\/\\\/museebiblioarbaud.fr\\\/#organization\"},\"potentialAction\":[{\"@type\":\"SearchAction\",\"target\":{\"@type\":\"EntryPoint\",\"urlTemplate\":\"https:\\\/\\\/museebiblioarbaud.fr\\\/?s={search_term_string}\"},\"query-input\":{\"@type\":\"PropertyValueSpecification\",\"valueRequired\":true,\"valueName\":\"search_term_string\"}}],\"inLanguage\":\"fr-FR\"},{\"@type\":\"Organization\",\"@id\":\"https:\\\/\\\/museebiblioarbaud.fr\\\/#organization\",\"name\":\"Mus\u00e9e biblioth\u00e8que Paul-Arbaud\",\"url\":\"https:\\\/\\\/museebiblioarbaud.fr\\\/\",\"logo\":{\"@type\":\"ImageObject\",\"inLanguage\":\"fr-FR\",\"@id\":\"https:\\\/\\\/museebiblioarbaud.fr\\\/#\\\/schema\\\/logo\\\/image\\\/\",\"url\":\"https:\\\/\\\/museebiblioarbaud.fr\\\/wp-content\\\/uploads\\\/logoMBPAdevsite.png\",\"contentUrl\":\"https:\\\/\\\/museebiblioarbaud.fr\\\/wp-content\\\/uploads\\\/logoMBPAdevsite.png\",\"width\":617,\"height\":258,\"caption\":\"Mus\u00e9e biblioth\u00e8que Paul-Arbaud\"},\"image\":{\"@id\":\"https:\\\/\\\/museebiblioarbaud.fr\\\/#\\\/schema\\\/logo\\\/image\\\/\"}}]}<\/script>\n<!-- \/ Yoast SEO plugin. -->","yoast_head_json":{"title":"Collection de fa\u00efences - Mus\u00e9e-biblioth\u00e8que Paul-Arbaud","robots":{"index":"index","follow":"follow","max-snippet":"max-snippet:-1","max-image-preview":"max-image-preview:large","max-video-preview":"max-video-preview:-1"},"canonical":"https:\/\/museebiblioarbaud.fr\/index.php\/collection-de-faiences\/","og_locale":"fr_FR","og_type":"article","og_title":"Collection de fa\u00efences - Mus\u00e9e-biblioth\u00e8que Paul-Arbaud","og_description":"L&rsquo;Acad\u00e9mie des sciences, agriculture, arts et belles-lettres a le privil\u00e8ge de conserver, dans l&rsquo;h\u00f4tel particulier qu&rsquo;elle occupe, une exceptionnelle collection de fa\u00efences proven\u00e7ales. Elle le doit \u00e0 la g\u00e9n\u00e9rosit\u00e9 de l&rsquo;un de ses membres qui lui l\u00e9gua, il y a plus de cent ans, cet h\u00f4tel et les \u0153uvres qu&rsquo;il contenait.\u00a0Homme de go\u00fbt, fin lettr\u00e9, [&hellip;]","og_url":"https:\/\/museebiblioarbaud.fr\/index.php\/collection-de-faiences\/","og_site_name":"Mus\u00e9e-biblioth\u00e8que Paul-Arbaud","article_modified_time":"2025-04-01T15:43:14+00:00","og_image":[{"width":1500,"height":492,"url":"https:\/\/museebiblioarbaud.fr\/wp-content\/uploads\/plats-grotesques-1.jpg","type":"image\/jpeg"}],"twitter_card":"summary_large_image","twitter_misc":{"Dur\u00e9e de lecture estim\u00e9e":"2 minutes"},"schema":{"@context":"https:\/\/schema.org","@graph":[{"@type":"WebPage","@id":"https:\/\/museebiblioarbaud.fr\/index.php\/collection-de-faiences\/","url":"https:\/\/museebiblioarbaud.fr\/index.php\/collection-de-faiences\/","name":"Collection de fa\u00efences - Mus\u00e9e-biblioth\u00e8que Paul-Arbaud","isPartOf":{"@id":"https:\/\/museebiblioarbaud.fr\/#website"},"primaryImageOfPage":{"@id":"https:\/\/museebiblioarbaud.fr\/index.php\/collection-de-faiences\/#primaryimage"},"image":{"@id":"https:\/\/museebiblioarbaud.fr\/index.php\/collection-de-faiences\/#primaryimage"},"thumbnailUrl":"https:\/\/museebiblioarbaud.fr\/wp-content\/uploads\/plats-grotesques-1.jpg","datePublished":"2024-07-15T14:45:46+00:00","dateModified":"2025-04-01T15:43:14+00:00","breadcrumb":{"@id":"https:\/\/museebiblioarbaud.fr\/index.php\/collection-de-faiences\/#breadcrumb"},"inLanguage":"fr-FR","potentialAction":[{"@type":"ReadAction","target":["https:\/\/museebiblioarbaud.fr\/index.php\/collection-de-faiences\/"]}]},{"@type":"ImageObject","inLanguage":"fr-FR","@id":"https:\/\/museebiblioarbaud.fr\/index.php\/collection-de-faiences\/#primaryimage","url":"https:\/\/museebiblioarbaud.fr\/wp-content\/uploads\/plats-grotesques-1.jpg","contentUrl":"https:\/\/museebiblioarbaud.fr\/wp-content\/uploads\/plats-grotesques-1.jpg","width":1500,"height":492},{"@type":"BreadcrumbList","@id":"https:\/\/museebiblioarbaud.fr\/index.php\/collection-de-faiences\/#breadcrumb","itemListElement":[{"@type":"ListItem","position":1,"name":"Accueil","item":"https:\/\/museebiblioarbaud.fr\/"},{"@type":"ListItem","position":2,"name":"Collection de fa\u00efences"}]},{"@type":"WebSite","@id":"https:\/\/museebiblioarbaud.fr\/#website","url":"https:\/\/museebiblioarbaud.fr\/","name":"Mus\u00e9e biblioth\u00e8que Paul-Arbaud","description":"L&#039;h\u00f4tel particulier d&#039;un collectionneur bibliophile du XIXe si\u00e8cle, si\u00e8ge de l&#039;Acad\u00e9mie des sciences, agriculture, arts et belles-lettres d&#039;Aix","publisher":{"@id":"https:\/\/museebiblioarbaud.fr\/#organization"},"potentialAction":[{"@type":"SearchAction","target":{"@type":"EntryPoint","urlTemplate":"https:\/\/museebiblioarbaud.fr\/?s={search_term_string}"},"query-input":{"@type":"PropertyValueSpecification","valueRequired":true,"valueName":"search_term_string"}}],"inLanguage":"fr-FR"},{"@type":"Organization","@id":"https:\/\/museebiblioarbaud.fr\/#organization","name":"Mus\u00e9e biblioth\u00e8que Paul-Arbaud","url":"https:\/\/museebiblioarbaud.fr\/","logo":{"@type":"ImageObject","inLanguage":"fr-FR","@id":"https:\/\/museebiblioarbaud.fr\/#\/schema\/logo\/image\/","url":"https:\/\/museebiblioarbaud.fr\/wp-content\/uploads\/logoMBPAdevsite.png","contentUrl":"https:\/\/museebiblioarbaud.fr\/wp-content\/uploads\/logoMBPAdevsite.png","width":617,"height":258,"caption":"Mus\u00e9e biblioth\u00e8que Paul-Arbaud"},"image":{"@id":"https:\/\/museebiblioarbaud.fr\/#\/schema\/logo\/image\/"}}]}},"_links":{"self":[{"href":"https:\/\/museebiblioarbaud.fr\/index.php\/wp-json\/wp\/v2\/pages\/644","targetHints":{"allow":["GET"]}}],"collection":[{"href":"https:\/\/museebiblioarbaud.fr\/index.php\/wp-json\/wp\/v2\/pages"}],"about":[{"href":"https:\/\/museebiblioarbaud.fr\/index.php\/wp-json\/wp\/v2\/types\/page"}],"author":[{"embeddable":true,"href":"https:\/\/museebiblioarbaud.fr\/index.php\/wp-json\/wp\/v2\/users\/1"}],"replies":[{"embeddable":true,"href":"https:\/\/museebiblioarbaud.fr\/index.php\/wp-json\/wp\/v2\/comments?post=644"}],"version-history":[{"count":25,"href":"https:\/\/museebiblioarbaud.fr\/index.php\/wp-json\/wp\/v2\/pages\/644\/revisions"}],"predecessor-version":[{"id":1107,"href":"https:\/\/museebiblioarbaud.fr\/index.php\/wp-json\/wp\/v2\/pages\/644\/revisions\/1107"}],"wp:attachment":[{"href":"https:\/\/museebiblioarbaud.fr\/index.php\/wp-json\/wp\/v2\/media?parent=644"}],"curies":[{"name":"wp","href":"https:\/\/api.w.org\/{rel}","templated":true}]}}